{"id":179,"date":"2023-10-30T14:40:55","date_gmt":"2023-10-30T14:40:55","guid":{"rendered":"https:\/\/www.unca.edu.py\/web\/wordpress\/?page_id=179"},"modified":"2026-02-23T12:39:44","modified_gmt":"2026-02-23T12:39:44","slug":"historia","status":"publish","type":"page","link":"https:\/\/www.unca.edu.py\/?page_id=179","title":{"rendered":"Historia"},"content":{"rendered":"\t\t<div data-elementor-type=\"wp-page\" data-elementor-id=\"179\" class=\"elementor elementor-179\" data-elementor-post-type=\"page\">\n\t\t\t\t\t\t<section class=\"elementor-section elementor-top-section elementor-element elementor-element-7faa85b elementor-section-boxed elementor-section-height-default elementor-section-height-default\" data-id=\"7faa85b\" data-element_type=\"section\">\n\t\t\t\t\t\t<div class=\"elementor-container elementor-column-gap-default\">\n\t\t\t\t\t<div class=\"elementor-column elementor-col-100 elementor-top-column elementor-element elementor-element-3ca7bd5\" data-id=\"3ca7bd5\" data-element_type=\"column\">\n\t\t\t<div class=\"elementor-widget-wrap elementor-element-populated\">\n\t\t\t\t\t\t<div class=\"elementor-element elementor-element-2bde4e2 elementor-view-default elementor-widget elementor-widget-icon\" data-id=\"2bde4e2\" data-element_type=\"widget\" data-widget_type=\"icon.default\">\n\t\t\t\t<div class=\"elementor-widget-container\">\n\t\t\t\t\t<div class=\"elementor-icon-wrapper\">\n\t\t\t<div class=\"elementor-icon\">\n\t\t\t<i aria-hidden=\"true\" class=\"fas fa-university\"><\/i>\t\t\t<\/div>\n\t\t<\/div>\n\t\t\t\t<\/div>\n\t\t\t\t<\/div>\n\t\t\t\t<div class=\"elementor-element elementor-element-2864884 elementor-widget elementor-widget-text-editor\" data-id=\"2864884\" data-element_type=\"widget\" data-widget_type=\"text-editor.default\">\n\t\t\t\t<div class=\"elementor-widget-container\">\n\t\t\t\t\t\t\t<h2 style=\"text-align: center;\"><span style=\"color: #940909;\">HISTORIA<\/span><\/h2><hr \/>\t\t\t\t\t\t<\/div>\n\t\t\t\t<\/div>\n\t\t\t\t<div class=\"elementor-element elementor-element-c83e946 elementor-widget elementor-widget-text-editor\" data-id=\"c83e946\" data-element_type=\"widget\" data-widget_type=\"text-editor.default\">\n\t\t\t\t<div class=\"elementor-widget-container\">\n\t\t\t\t\t\t\t<p style=\"border: 0px; font-size: 16px; margin-right: 0px; margin-bottom: 1.6em; margin-left: 0px; outline: 0px; padding: 0px; vertical-align: baseline; color: #3a3a3a; font-family: Lato, sans-serif;\"><span style=\"color: #000000;\">La Universidad Nacional de Caaguaz\u00fa fue creada por Ley N\u00b0 3.198\/2007, promulgada en fecha 04 de mayo de 2007. La misma se rige por una Carta Org\u00e1nica Ley N\u00b0 3.385\/2007, promulgada en fecha 07 de diciembre del 2007 con la finalidad de contar con una universidad p\u00fablica descentralizada, adaptada a la realidad econ\u00f3mica y social de la Regi\u00f3n del V Departamento del Caaguaz\u00fa.<\/span><\/p><p style=\"border: 0px; font-size: 16px; margin-right: 0px; margin-bottom: 1.6em; margin-left: 0px; outline: 0px; padding: 0px; vertical-align: baseline; color: #3a3a3a; font-family: Lato, sans-serif;\"><span style=\"color: #000000;\">La iniciativa de contar con una Universidad Nacional en la ciudad de Coronel Oviedo se gest\u00f3 por primera vez en la d\u00e9cada de los 90, cuando se presenta el primer proyecto de Ley a trav\u00e9s del entonces Diputado Nacional Don Silvio Ovelar Estigarribia. En la d\u00e9cada del 2.000 se instalaron en la ciudad de Coronel Oviedo a m\u00e1s de la Universidad Cat\u00f3lica \u201cNuestra Se\u00f1ora de la Asunci\u00f3n\u201d, cinco (5) Universidades Privadas con diferentes carreras, no obstante a ello, el deseo de brindar mayor oportunidad a los j\u00f3venes de escasos recursos no claudic\u00f3 y de nuevo el Diputado Nacional Ovetense Abg. Mario Soto Estigarribia present\u00f3 el proyecto de Ley al Parlamento Nacional acompa\u00f1ado muy de cerca por las fuerzas vivas de la comunidad, logrando la aprobaci\u00f3n en la C\u00e1mara Baja; y con el apoyo del Senador Nacional Don Silvio Ovelar Ben\u00edtez se cont\u00f3 con la aprobaci\u00f3n de la ley de creaci\u00f3n en la C\u00e1mara Alta, fue as\u00ed como se concret\u00f3 la sanci\u00f3n de la Ley, siendo \u00e9sta promulgada posteriormente por el entonces Presidente de la Rep\u00fablica del Paraguay, oriundo de la ciudad de Coronel Oviedo, el Dr. Nicanor Duarte Frutos.<\/span><\/p><p style=\"border: 0px; font-size: 16px; margin-right: 0px; margin-bottom: 1.6em; margin-left: 0px; outline: 0px; padding: 0px; vertical-align: baseline; color: #3a3a3a; font-family: Lato, sans-serif;\"><span style=\"color: #000000;\">Posterior a la promulgaci\u00f3n y divulgaci\u00f3n de la Ley de Creaci\u00f3n de la Universidad Nacional de Caaguaz\u00fa, en fecha 18 de mayo del 2007, en la sala de sesiones de la Junta Municipal de la ciudad de Coronel Oviedo se presenta a la comunidad ovetense la Ley de creaci\u00f3n de la Universidad, con sede en Coronel Oviedo, ante representantes de la ciudadan\u00eda en general.<\/span><\/p><p style=\"border: 0px; font-size: 16px; margin-right: 0px; margin-bottom: 1.6em; margin-left: 0px; outline: 0px; padding: 0px; vertical-align: baseline; color: #3a3a3a; font-family: Lato, sans-serif;\"><span style=\"color: #000000;\">El d\u00eda 22 de mayo del mismo a\u00f1o, se re\u00fanen los representantes de los diferentes sectores del Departamento en la Gobernaci\u00f3n del Caaguaz\u00fa, siendo Gobernador del V Departamento en ese entonces el Abg. Enzo Cardozo Gim\u00e9nez. En esta reuni\u00f3n el Gobernador mencionado estuvo acompa\u00f1ado por los intendentes municipales de la ciudad de Coronel Oviedo y de la ciudad de Caaguaz\u00fa, Don Jorge An\u00edbal Morales Ben\u00edtez y por el Abg. Jorge Dos Santos, respectivamente. Durante la reuni\u00f3n fue designada como Secretaria de Actas la Lic. Sara Esmelda Narv\u00e1ez, quien dio lectura a las ordenanzas en las cuales se declaraba de inter\u00e9s municipal y departamental, respectivamente, la creaci\u00f3n de la Universidad Nacional de Caaguaz\u00fa con sede en Coronel Oviedo.<\/span><\/p><p style=\"border: 0px; font-size: 16px; margin-right: 0px; margin-bottom: 1.6em; margin-left: 0px; outline: 0px; padding: 0px; vertical-align: baseline; color: #3a3a3a; font-family: Lato, sans-serif;\"><span style=\"color: #000000;\">El d\u00eda 22 de febrero del a\u00f1o 2008, se re\u00fanen los miembros de la Comisi\u00f3n Permanente en car\u00e1cter de urgencia, a convocatoria del se\u00f1or Intendente Jorge An\u00edbal Morales, el tema a tratar era la convocatoria a comicios realizada por el Prof. Abg. Armando Mendoza Romero, realizada en su car\u00e1cter de profesor m\u00e1s antiguo de la Facultad de Derecho y Ciencias Sociales de la Universidad Nacional de Asunci\u00f3n, filial Coronel Oviedo; posterior a esta reuni\u00f3n y para la integraci\u00f3n de los primeros Consejos Directivos de la distintas Facultades de la Universidad con sede en Coronel Oviedo se estableci\u00f3 otra reuni\u00f3n, la misma fue prevista para el d\u00eda 27 de febrero del a\u00f1o 2008 en el local de la Municipalidad de Coronel Oviedo, ambas convocatorias fueron realizadas conforme al art\u00edculo 106 de la Ley 3.385\/2007 que aprueba la Carta Org\u00e1nica de la UNCA.<\/span><\/p><p style=\"border: 0px; font-size: 16px; margin-right: 0px; margin-bottom: 1.6em; margin-left: 0px; outline: 0px; padding: 0px; vertical-align: baseline; color: #3a3a3a; font-family: Lato, sans-serif;\"><span style=\"color: #000000;\">Tambi\u00e9n se debe destacar que el proyecto llamado Universidad Nacional de Caaguaz\u00fa posteriormente tuvo el acompa\u00f1amiento s\u00f3lido e importante de los Diputados Nacionales del Departamento de Caaguaz\u00fa: Abg. C\u00e9sar L\u00f3pez Ben\u00edtez; Abg. Salyn Buzarquis C\u00e1ceres y de la Lic. Blanca Duarte Frutos, con el fuerte acompa\u00f1amiento de las fuerzas vivas de la comunidad, tanto del sector empresarial, comercial, period\u00edstico, gremial, pol\u00edtico y tambi\u00e9n de l\u00edderes de diversos \u00e1mbitos del quehacer cotidiano en la ciudad de Coronel Oviedo.<\/span><\/p><p style=\"border: 0px; font-size: 16px; margin-right: 0px; margin-bottom: 1.6em; margin-left: 0px; outline: 0px; padding: 0px; vertical-align: baseline; color: #3a3a3a; font-family: Lato, sans-serif;\"><span style=\"color: #000000;\">Luego de la Asamblea y realizadas las elecciones correspondientes, las primeras autoridades acad\u00e9micas de la universidad quedaron constituidas de la siguiente manera:<\/span><\/p><p style=\"border: 0px; font-size: 16px; margin-right: 0px; margin-bottom: 1.6em; margin-left: 0px; outline: 0px; padding: 0px; vertical-align: baseline; color: #3a3a3a; font-family: Lato, sans-serif;\"><span style=\"font-weight: bold; color: #000000;\"><em><u>Rectorado \u2013 Resoluci\u00f3n Rectorado N\u00b0 12\/2008<\/u><\/em><\/span><\/p><ul style=\"border: 0px; margin-right: 0px; margin-bottom: 1.5em; margin-left: 3em; outline: 0px; padding: 0px; vertical-align: baseline; list-style-position: initial; list-style-image: initial; color: #3a3a3a; font-family: Lato, sans-serif;\"><li style=\"border: 0px; font-style: inherit; font-weight: inherit; margin: 0px; outline: 0px; padding: 0px; vertical-align: baseline;\"><span style=\"color: #000000;\"><span style=\"font-weight: bold;\"><em><span style=\"text-decoration: underline;\">Rector<\/span>:\u00a0<\/em><\/span><em>Dr. Pablo Mart\u00ednez Acosta<\/em><\/span><\/li><li style=\"border: 0px; font-style: inherit; font-weight: inherit; margin: 0px; outline: 0px; padding: 0px; vertical-align: baseline;\"><span style=\"color: #000000;\"><span style=\"font-weight: bold;\"><em><span style=\"text-decoration: underline;\">Vicerrector<\/span>:\u00a0<\/em><\/span><em>Lic. Hugo Alfredo Recalde<\/em><\/span><\/li><\/ul><p style=\"border: 0px; font-size: 16px; margin-right: 0px; margin-bottom: 1.6em; margin-left: 0px; outline: 0px; padding: 0px; vertical-align: baseline; color: #3a3a3a; font-family: Lato, sans-serif;\"><span style=\"color: #000000;\">Posteriormente, pero en el mismo a\u00f1o 2008 fue creada la Facultad de Medicina por Resoluci\u00f3n CSU N\u00b0 01\/2008, siendo su primer Decano el Dr. Eduardo Mingo y el Vicedecano el Dr. Carlos Alberto Cano Fleitas. Asimismo, fue creada la Facultad Ciencias de la Producci\u00f3n por Resoluci\u00f3n CSU N\u00b0 02\/2008, con su primer Decano el Prof. Mv. Jaime Ranulfo Torales Kennedy y como Vicedecano el Prof. Mv. An\u00edbal Escandriolo Pe\u00f1a.<\/span><\/p><p style=\"border: 0px; font-size: 16px; margin-right: 0px; margin-bottom: 1.6em; margin-left: 0px; outline: 0px; padding: 0px; vertical-align: baseline; color: #3a3a3a; font-family: Lato, sans-serif;\"><span style=\"color: #000000;\">De igual manera, por Res. CSU N\u00b0 20\/2008 se crea la Facultad de Ciencias Econ\u00f3micas con su primer Decano el Prof. Lic. Julio C\u00e9sar Mendoza Aquino y Vicedecano el Prof. Lic. Hugo Ram\u00f3n Gim\u00e9nez Barboza; igualmente por la misma resoluci\u00f3n se crea la Facultad de Enfermer\u00eda y Obstetricia designando como Decana a la Prof. Lic. Guiomar Viveros de Cabello y como Vicedecana a la Prof. Lic. Emilce Carolina Rosas de Ramos y la Facultad de Ciencias Pol\u00edticas designando como Decano al Prof. Abg. Oscar Escobar Toledo y como\u00a0 Vicedecano al Prof. Abg. Jos\u00e9 de los Santos Arzamendia.<\/span><\/p><p style=\"border: 0px; font-size: 16px; margin-right: 0px; margin-bottom: 1.6em; margin-left: 0px; outline: 0px; padding: 0px; vertical-align: baseline; color: #3a3a3a; font-family: Lato, sans-serif;\"><span style=\"color: #000000;\">Cabe destacar que la Universidad Nacional de Caaguaz\u00fa, empez\u00f3 a funcionar sin presupuesto, por lo que los funcionarios, docentes y autoridades se desempe\u00f1aron en forma ad honorem por el lapso de dos a\u00f1os, hasta el 2009, a\u00f1o en el que cont\u00f3 por primera vez con presupuesto.<\/span><\/p><p style=\"border: 0px; font-size: 16px; margin-right: 0px; margin-bottom: 1.6em; margin-left: 0px; outline: 0px; padding: 0px; vertical-align: baseline; color: #3a3a3a; font-family: Lato, sans-serif;\"><span style=\"color: #000000;\">En el a\u00f1o 2009 fue creada la Facultad de Ciencias Tecnol\u00f3gicas por Resoluci\u00f3n CSU N\u00b0 86\/2009, gracias al trabajo de un equipo multidisciplinario de profesionales en las \u00e1reas de las tecnolog\u00edas, iniciando oficialmente el funcionamiento administrativo y acad\u00e9mico de la instituci\u00f3n en el a\u00f1o 2010, siendo sus primeras autoridades el<em>\u00a0Prof. Ing. Civ. Roberto Rosa Ch\u00e1vez Ayala, como Decano y el Prof. Lic. \u00c1ngel Rodr\u00edguez Gonz\u00e1lez como Vicedecano.<\/em><\/span><\/p><p style=\"border: 0px; font-size: 16px; margin-right: 0px; margin-bottom: 1.6em; margin-left: 0px; outline: 0px; padding: 0px; vertical-align: baseline; color: #3a3a3a; font-family: Lato, sans-serif;\"><span style=\"color: #000000;\">Al finales del a\u00f1o 2009, se crea la Carrera de Odontolog\u00eda seg\u00fan Resoluci\u00f3n CSU N\u00b0 69\/2010, dependiente de la Facultad de Medicina; para el efecto un grupo de odont\u00f3logos liderados por el Dr. Ulises Villasanti Torales trabaj\u00f3 el proyecto con directivos de la Universidad, durante todo el transcurso del a\u00f1o 2009; el mismo fue posteriormente designado como primer Director Acad\u00e9mico de la referida carrera, y a finales del a\u00f1o 2010 se crea la Facultad de Odontolog\u00eda \u201cSanto Tom\u00e1s de Aquino\u201d y la mencionada carrera pasa a formar parte de ella; cuyas primeras autoridades acad\u00e9micas fueron el\u00a0<em>Decano:<\/em><em> Prof. Dr. Ulises Armando Villasanti Torales y la Vicedecana: Prof. Dra. Ana Mar\u00eda Benegas Ortiz.<\/em><\/span><\/p><p style=\"border: 0px; font-size: 16px; margin-right: 0px; margin-bottom: 1.6em; margin-left: 0px; outline: 0px; padding: 0px; vertical-align: baseline; color: #3a3a3a; font-family: Lato, sans-serif;\"><span style=\"color: #000000;\">En el a\u00f1o 2009 seg\u00fan Resoluci\u00f3n CSU N\u00b093\/2009 fue creada la Escuela Superior de Artes y Desarrollo de Talentos \u201cArribe\u00f1o Don Ram\u00f3n Mendoza\u201d, dependiente del Rectorado de la Universidad Nacional de Caaguaz\u00fa, en donde fue designado el Lic. Juan Gualberto Duarte Ortigoza, como primer Director de dicha Escuela.<\/span><\/p><p style=\"border: 0px; font-size: 16px; margin-right: 0px; margin-bottom: 1.6em; margin-left: 0px; outline: 0px; padding: 0px; vertical-align: baseline; color: #3a3a3a; font-family: Lato, sans-serif;\"><span style=\"color: #000000;\">El per\u00edodo de gesti\u00f3n de las primeras autoridades de la Universidad Nacional de Caaguaz\u00fa, se consider\u00f3 a partir del a\u00f1o 2009, a\u00f1o en que presupuestariamente comenz\u00f3 a funcionar. Quedando establecido el primer per\u00edodo de Gesti\u00f3n 2009 \u2013 2013.<\/span><\/p><p style=\"border: 0px; font-size: 16px; margin-right: 0px; margin-bottom: 1.6em; margin-left: 0px; outline: 0px; padding: 0px; vertical-align: baseline; color: #3a3a3a; font-family: Lato, sans-serif;\"><span style=\"color: #000000;\">En el a\u00f1o 2013, el Rector convoca a la Asamblea Universitaria de manera a realizar elecciones de Rector y Vicerrector, para el siguiente per\u00edodo (2014 \u2013 2018) en donde resultan reelectos el Prof. Dr. Pablo Mart\u00ednez Acosta y el Prof. Lic. Hugo Alfredo Recalde, para los cargos respectivos, seg\u00fan Resoluci\u00f3n CSU N\u00b0 104\/2013.<\/span><\/p><p style=\"border: 0px; font-size: 16px; margin-right: 0px; margin-bottom: 1.6em; margin-left: 0px; outline: 0px; padding: 0px; vertical-align: baseline; color: #3a3a3a; font-family: Lato, sans-serif;\"><span style=\"color: #000000;\">\u00a0En el A\u00f1o 2015, el Prof. Dr. Pablo Mart\u00ednez Acosta, Rector, y el Prof. Lic. Hugo Alfredo Recalde, Vicerrector, presentaron renuncia a sus cargos, por lo que el Consejo Superior Universitario, convoc\u00f3 a Asamblea Universitaria para elegir Rector y Vicerrector de manera a completar el per\u00edodo de los renunciantes hasta el a\u00f1o 2018. En dicha ocasi\u00f3n resultaron electos por Resoluci\u00f3n A.U. N\u00b0 03\/2015 y Resoluci\u00f3n A.U. N\u00b0 06\/2015 respectivamente:<\/span><\/p><ul style=\"border: 0px; margin-right: 0px; margin-bottom: 1.5em; margin-left: 3em; outline: 0px; padding: 0px; vertical-align: baseline; list-style-position: initial; list-style-image: initial; color: #3a3a3a; font-family: Lato, sans-serif;\"><li style=\"border: 0px; font-style: inherit; font-weight: inherit; margin: 0px; outline: 0px; padding: 0px; vertical-align: baseline;\"><span style=\"color: #000000;\"><span style=\"font-weight: bold;\"><em><u>Rector<\/u>: <\/em><\/span>Mag. Hugo Ram\u00f3n Gim\u00e9nez Barboza<\/span><\/li><li style=\"border: 0px; font-style: inherit; font-weight: inherit; margin: 0px; outline: 0px; padding: 0px; vertical-align: baseline;\"><span style=\"color: #000000;\"><span style=\"font-weight: bold;\"><u>Vicerrector<\/u>:<\/span>\u00a0Dr. Ulises Armando Villasanti Torales<\/span><\/li><\/ul><p style=\"border: 0px; font-size: 16px; margin-right: 0px; margin-bottom: 1.6em; margin-left: 0px; outline: 0px; padding: 0px; vertical-align: baseline; color: #3a3a3a; font-family: Lato, sans-serif;\"><span style=\"color: #000000;\">En fecha 27 de marzo de 2019, se reuni\u00f3 la Asamblea Universitaria, con el objeto de llevar a cabo nuevas elecciones de autoridades para el per\u00edodo 2019 \u2013 2023, resultando, ser electos seg\u00fan Resoluci\u00f3n Asamblea Universitaria N\u00ba 02\/2019, Acta N\u00ba 02\/2019:<\/span><\/p><ul style=\"border: 0px; margin-right: 0px; margin-bottom: 1.5em; margin-left: 3em; outline: 0px; padding: 0px; vertical-align: baseline; list-style-position: initial; list-style-image: initial; color: #3a3a3a; font-family: Lato, sans-serif;\"><li style=\"border: 0px; font-style: inherit; font-weight: inherit; margin: 0px; outline: 0px; padding: 0px; vertical-align: baseline;\"><span style=\"color: #000000;\"><span style=\"font-weight: bold;\"><em><u>Rector<\/u><\/em><\/span><span style=\"font-weight: bold;\"><em>:<\/em><\/span>\u00a0<em>Mag. \u00c1ngel Rodr\u00edguez Gonz\u00e1lez<\/em><\/span><\/li><li style=\"border: 0px; font-style: inherit; font-weight: inherit; margin: 0px; outline: 0px; padding: 0px; vertical-align: baseline;\"><span style=\"color: #000000;\"><span style=\"font-weight: bold;\"><em><u>Vicerrector<\/u><\/em><\/span><span style=\"font-weight: bold;\"><em>:\u00a0<\/em><\/span><em>Mag. Ulises Armando Villasanti Torales.<\/em><\/span><\/li><\/ul><p><span style=\"color: #000000;\">En el a\u00f1o 2023 fueron electas seg\u00fan Resoluci\u00f3n Asamblea Universitaria N\u00ba 01\/2023 de fecha 27 de noviembre del a\u00f1o 2023 para el periodo 2024-2028, Acta N\u00ba 01\/2023:<\/span><\/p><ul><li style=\"font-weight: 400;\" aria-level=\"1\"><span style=\"color: #000000;\"><strong><span style=\"text-decoration: underline;\"><i>Rectora<\/i><\/span><i>:<\/i><\/strong><span style=\"font-weight: 400;\">\u00a0<\/span><i><span style=\"font-weight: 400;\">Prof. Mgtr. Mar\u00eda Gloria Mart\u00ednez Blanco<\/span><\/i><\/span><\/li><li style=\"font-weight: 400;\" aria-level=\"1\"><span style=\"color: #000000;\"><strong><span style=\"text-decoration: underline;\"><i>Vicerrectora<\/i><\/span><\/strong><i><span style=\"font-weight: 400;\"><strong>:<\/strong>\u00a0 Prof. M.V. Rossana Morales de Gonz\u00e1lez<\/span><\/i><\/span><\/li><\/ul><p style=\"border: 0px; font-size: 16px; margin-right: 0px; margin-bottom: 1.6em; margin-left: 0px; outline: 0px; padding: 0px; vertical-align: baseline; color: #3a3a3a; font-family: Lato, sans-serif;\"><span style=\"color: #000000;\">La universidad ha crecido con la comunidad, buscando ser siempre respuesta a los problemas sociales procurando un acercamiento constante a la comunidad y la regi\u00f3n que rodea al gran Caaguaz\u00fa mediante la responsabilidad social universitaria, a trav\u00e9s de sus pilares la Academia, la Extensi\u00f3n Universitaria y la Investigaci\u00f3n, sin descuidar el contexto nacional e internacional con un s\u00f3lido relacionamiento con varias instituciones p\u00fablicas y privadas mediante acuerdos de mutua cooperaci\u00f3n.<\/span><\/p>\t\t\t\t\t\t<\/div>\n\t\t\t\t<\/div>\n\t\t\t\t\t<\/div>\n\t\t<\/div>\n\t\t\t\t\t<\/div>\n\t\t<\/section>\n\t\t\t\t<\/div>\n\t\t","protected":false},"excerpt":{"rendered":"<p>HISTORIA La Universidad Nacional de Caaguaz\u00fa fue creada por Ley N\u00b0 3.198\/2007, promulgada en fecha 04 de mayo de 2007. La misma se rige por una Carta Org\u00e1nica Ley N\u00b0 3.385\/2007, promulgada en fecha 07 de diciembre del 2007 con la finalidad de contar con una universidad p\u00fablica descentralizada, adaptada a la realidad econ\u00f3mica y [&hellip;]<\/p>\n","protected":false},"author":7,"featured_media":0,"parent":0,"menu_order":0,"comment_status":"closed","ping_status":"closed","template":"template\/fullwidth.php","meta":{"footnotes":""},"class_list":["post-179","page","type-page","status-publish","hentry"],"_links":{"self":[{"href":"https:\/\/www.unca.edu.py\/index.php?rest_route=\/wp\/v2\/pages\/179","targetHints":{"allow":["GET"]}}],"collection":[{"href":"https:\/\/www.unca.edu.py\/index.php?rest_route=\/wp\/v2\/pages"}],"about":[{"href":"https:\/\/www.unca.edu.py\/index.php?rest_route=\/wp\/v2\/types\/page"}],"author":[{"embeddable":true,"href":"https:\/\/www.unca.edu.py\/index.php?rest_route=\/wp\/v2\/users\/7"}],"replies":[{"embeddable":true,"href":"https:\/\/www.unca.edu.py\/index.php?rest_route=%2Fwp%2Fv2%2Fcomments&post=179"}],"version-history":[{"count":40,"href":"https:\/\/www.unca.edu.py\/index.php?rest_route=\/wp\/v2\/pages\/179\/revisions"}],"predecessor-version":[{"id":8235,"href":"https:\/\/www.unca.edu.py\/index.php?rest_route=\/wp\/v2\/pages\/179\/revisions\/8235"}],"wp:attachment":[{"href":"https:\/\/www.unca.edu.py\/index.php?rest_route=%2Fwp%2Fv2%2Fmedia&parent=179"}],"curies":[{"name":"wp","href":"https:\/\/api.w.org\/{rel}","templated":true}]}}