{"id":1637,"date":"2023-12-04T02:42:47","date_gmt":"2023-12-04T02:42:47","guid":{"rendered":"https:\/\/www.unca.edu.py\/web\/wordpress\/?page_id=1637"},"modified":"2025-07-15T14:48:07","modified_gmt":"2025-07-15T14:48:07","slug":"facultad-de-ciencias-y-tecnologias","status":"publish","type":"page","link":"https:\/\/www.unca.edu.py\/?page_id=1637","title":{"rendered":"Facultad de Ciencias y Tecnolog\u00edas (FCyT)"},"content":{"rendered":"\t\t<div data-elementor-type=\"wp-page\" data-elementor-id=\"1637\" class=\"elementor elementor-1637\" data-elementor-post-type=\"page\">\n\t\t\t\t<div class=\"elementor-element elementor-element-6b529cf e-flex e-con-boxed e-con e-parent\" data-id=\"6b529cf\" data-element_type=\"container\">\n\t\t\t\t\t<div class=\"e-con-inner\">\n\t\t\t\t<div class=\"elementor-element elementor-element-b413316 elementor-widget elementor-widget-image\" data-id=\"b413316\" data-element_type=\"widget\" data-widget_type=\"image.default\">\n\t\t\t\t<div class=\"elementor-widget-container\">\n\t\t\t\t\t\t\t\t\t\t\t\t\t\t<a href=\"http:\/\/www.fctunca.edu.py\/\" target=\"_blank\">\n\t\t\t\t\t\t\t<img fetchpriority=\"high\" decoding=\"async\" width=\"300\" height=\"300\" src=\"data:image\/gif;base64,R0lGODlhAQABAIAAAAAAAP\/\/\/yH5BAEAAAAALAAAAAABAAEAAAIBRAA7\" data-src=\"https:\/\/www.unca.edu.py\/wp-content\/uploads\/2023\/11\/06.-FCyT-300x300.png\" class=\"elementor-animation-pulse-grow attachment-large size-large wp-image-267 lazyload\" alt=\"\" data-srcset=\"https:\/\/www.unca.edu.py\/wp-content\/uploads\/2023\/11\/06.-FCyT-300x300.png 300w, https:\/\/www.unca.edu.py\/wp-content\/uploads\/2023\/11\/06.-FCyT-150x150.png 150w, https:\/\/www.unca.edu.py\/wp-content\/uploads\/2023\/11\/06.-FCyT-768x768.png 768w, https:\/\/www.unca.edu.py\/wp-content\/uploads\/2023\/11\/06.-FCyT-1536x1536.png 1536w, https:\/\/www.unca.edu.py\/wp-content\/uploads\/2023\/11\/06.-FCyT-2048x2048.png 2048w\" sizes=\"(max-width: 300px) 100vw, 300px\" \/><noscript><img decoding=\"async\" width=\"300\" height=\"300\" src=\"https:\/\/www.unca.edu.py\/wp-content\/uploads\/2023\/11\/06.-FCyT-300x300.png\" class=\"elementor-animation-pulse-grow attachment-large size-large wp-image-267 lazyload\" alt=\"\" srcset=\"https:\/\/www.unca.edu.py\/wp-content\/uploads\/2023\/11\/06.-FCyT-300x300.png 300w, https:\/\/www.unca.edu.py\/wp-content\/uploads\/2023\/11\/06.-FCyT-150x150.png 150w, https:\/\/www.unca.edu.py\/wp-content\/uploads\/2023\/11\/06.-FCyT-768x768.png 768w, https:\/\/www.unca.edu.py\/wp-content\/uploads\/2023\/11\/06.-FCyT-1536x1536.png 1536w, https:\/\/www.unca.edu.py\/wp-content\/uploads\/2023\/11\/06.-FCyT-2048x2048.png 2048w\" sizes=\"(max-width: 300px) 100vw, 300px\" \/><\/noscript>\t\t\t\t\t\t\t\t<\/a>\n\t\t\t\t\t\t\t\t\t\t\t\t\t<\/div>\n\t\t\t\t<\/div>\n\t\t\t\t<div class=\"elementor-element elementor-element-a5fe488 elementor-widget-divider--separator-type-pattern elementor-widget-divider--view-line elementor-widget elementor-widget-divider\" data-id=\"a5fe488\" data-element_type=\"widget\" data-widget_type=\"divider.default\">\n\t\t\t\t<div class=\"elementor-widget-container\">\n\t\t\t\t\t<div class=\"elementor-divider\" style=\"--divider-pattern-url: url(&quot;data:image\/svg+xml,%3Csvg xmlns=&#039;http:\/\/www.w3.org\/2000\/svg&#039; preserveAspectRatio=&#039;none&#039; overflow=&#039;visible&#039; height=&#039;100%&#039; viewBox=&#039;0 0 24 24&#039; fill=&#039;black&#039; stroke=&#039;none&#039;%3E%3Cpolygon points=&#039;9.4,2 24,2 14.6,21.6 0,21.6&#039;\/%3E%3C\/svg%3E&quot;);\">\n\t\t\t<span class=\"elementor-divider-separator\">\n\t\t\t\t\t\t<\/span>\n\t\t<\/div>\n\t\t\t\t<\/div>\n\t\t\t\t<\/div>\n\t\t\t\t<div class=\"elementor-element elementor-element-dc6861c elementor-headline--style-highlight elementor-widget elementor-widget-animated-headline\" data-id=\"dc6861c\" data-element_type=\"widget\" data-settings=\"{&quot;marker&quot;:&quot;underline&quot;,&quot;highlighted_text&quot;:&quot;MISI\\u00d3N&quot;,&quot;highlight_animation_duration&quot;:1000,&quot;headline_style&quot;:&quot;highlight&quot;,&quot;loop&quot;:&quot;yes&quot;,&quot;highlight_iteration_delay&quot;:8000}\" data-widget_type=\"animated-headline.default\">\n\t\t\t\t<div class=\"elementor-widget-container\">\n\t\t\t\t\t<h3 class=\"elementor-headline\">\n\t\t\t\t<span class=\"elementor-headline-dynamic-wrapper elementor-headline-text-wrapper\">\n\t\t\t\t\t<span class=\"elementor-headline-dynamic-text elementor-headline-text-active\">MISI\u00d3N<\/span>\n\t\t\t\t<\/span>\n\t\t\t\t<\/h3>\n\t\t\t\t<\/div>\n\t\t\t\t<\/div>\n\t\t\t\t<div class=\"elementor-element elementor-element-fec3969 elementor-widget elementor-widget-text-editor\" data-id=\"fec3969\" data-element_type=\"widget\" data-widget_type=\"text-editor.default\">\n\t\t\t\t<div class=\"elementor-widget-container\">\n\t\t\t\t\t\t\t<h6 style=\"text-align: center;\">Formar profesionales excelentes con conocimientos cient\u00edficos y tecnol\u00f3gicos, competentes, con sentido cr\u00edtico, \u00e9tico y responsabilidad social.<\/h6>\t\t\t\t\t\t<\/div>\n\t\t\t\t<\/div>\n\t\t\t\t<div class=\"elementor-element elementor-element-66addfa elementor-headline--style-highlight elementor-widget elementor-widget-animated-headline\" data-id=\"66addfa\" data-element_type=\"widget\" data-settings=\"{&quot;marker&quot;:&quot;underline&quot;,&quot;highlighted_text&quot;:&quot;VISI\\u00d3N&quot;,&quot;highlight_animation_duration&quot;:1000,&quot;headline_style&quot;:&quot;highlight&quot;,&quot;loop&quot;:&quot;yes&quot;,&quot;highlight_iteration_delay&quot;:8000}\" data-widget_type=\"animated-headline.default\">\n\t\t\t\t<div class=\"elementor-widget-container\">\n\t\t\t\t\t<h3 class=\"elementor-headline\">\n\t\t\t\t<span class=\"elementor-headline-dynamic-wrapper elementor-headline-text-wrapper\">\n\t\t\t\t\t<span class=\"elementor-headline-dynamic-text elementor-headline-text-active\">VISI\u00d3N<\/span>\n\t\t\t\t<\/span>\n\t\t\t\t<\/h3>\n\t\t\t\t<\/div>\n\t\t\t\t<\/div>\n\t\t\t\t<div class=\"elementor-element elementor-element-b144401 elementor-widget elementor-widget-text-editor\" data-id=\"b144401\" data-element_type=\"widget\" data-widget_type=\"text-editor.default\">\n\t\t\t\t<div class=\"elementor-widget-container\">\n\t\t\t\t\t\t\t<h6 style=\"text-align: center;\">Ser una Facultad l\u00edder, con excelencia en la formaci\u00f3n de profesionales que contribuyan al desarrollo del pa\u00eds.<\/h6>\t\t\t\t\t\t<\/div>\n\t\t\t\t<\/div>\n\t\t\t\t<div class=\"elementor-element elementor-element-e25f443 elementor-widget elementor-widget-accordion\" data-id=\"e25f443\" data-element_type=\"widget\" data-widget_type=\"accordion.default\">\n\t\t\t\t<div class=\"elementor-widget-container\">\n\t\t\t\t\t<div class=\"elementor-accordion\">\n\t\t\t\t\t\t\t<div class=\"elementor-accordion-item\">\n\t\t\t\t\t<div id=\"elementor-tab-title-2371\" class=\"elementor-tab-title\" data-tab=\"1\" role=\"button\" aria-controls=\"elementor-tab-content-2371\" aria-expanded=\"false\">\n\t\t\t\t\t\t\t\t\t\t\t\t\t<span class=\"elementor-accordion-icon elementor-accordion-icon-left\" aria-hidden=\"true\">\n\t\t\t\t\t\t\t\t\t\t\t\t\t\t\t<span class=\"elementor-accordion-icon-closed\"><i class=\"fas fa-angle-down\"><\/i><\/span>\n\t\t\t\t\t\t\t\t<span class=\"elementor-accordion-icon-opened\"><i class=\"fas fa-angle-double-down\"><\/i><\/span>\n\t\t\t\t\t\t\t\t\t\t\t\t\t\t<\/span>\n\t\t\t\t\t\t\t\t\t\t\t\t<a class=\"elementor-accordion-title\" tabindex=\"0\">Ingenier\u00eda en Inform\u00e1tica (Acreditada por la ANEAES)<\/a>\n\t\t\t\t\t<\/div>\n\t\t\t\t\t<div id=\"elementor-tab-content-2371\" class=\"elementor-tab-content elementor-clearfix\" data-tab=\"1\" role=\"region\" aria-labelledby=\"elementor-tab-title-2371\"><h6><strong>T\u00edtulo<\/strong><\/h6><ul><li><span style=\"color: #000000;\">Ingeniero en Sistemas Inform\u00e1ticos.<\/span><\/li><\/ul><h6><strong>Duraci\u00f3n<\/strong><\/h6><ul><li><span style=\"color: #000000;\">5 a\u00f1os 10 semestres.<\/span><\/li><\/ul><h6><strong>Carga horaria<\/strong><\/h6><ul><li><span style=\"color: #000000;\">5.312 hs. reloj (Incluidos Pasant\u00eda y Proyecto Final de Grado).<\/span><\/li><\/ul><h6><strong>Contacto<\/strong><\/h6><ul><li><span style=\"color: #000000;\">Director de Carrera: Ing. Julio C\u00e9sar Coronel Ramoa.<\/span><\/li><\/ul><p style=\"padding-left: 40px;\"><span style=\"color: #000000;\"><strong>Email: <\/strong><a style=\"color: #000000;\" href=\"mailto:jcoronel@fctunca.edu.py\">jcoronel@fctunca.edu.py<\/a> <\/span><\/p><p style=\"padding-left: 40px;\"><span style=\"color: #000000;\"><strong>Telefono:<\/strong> +595 971 416107<\/span><\/p><h6><strong>Perfil de Egreso<\/strong><\/h6><p style=\"text-align: justify;\"><span style=\"color: #000000;\">El ingeniero en inform\u00e1tica es un profesional con s\u00f3lida formaci\u00f3n t\u00e9cnica, cient\u00edfica y de gesti\u00f3n, capaz de liderar, dise\u00f1ar, optimizar y evaluar proyectos tecnol\u00f3gicos y de negocios utilizando las herramientas de tecnolog\u00edas de la informaci\u00f3n y metodolog\u00edas m\u00e1s avanzadas del mercado.<\/span><\/p><p><span style=\"color: #000000;\">Se caracteriza por valorar sus responsabilidades profesionales, \u00e9ticas y sociales. Est\u00e1 comprometido con la calidad y mejora continua de su trabajo. Es emprendedor, aut\u00f3nomo e innovador en su actividad profesional.<\/span><\/p><p><span style=\"color: #000000;\">Puede liderar e integrar efectivamente, equipos de trabajos multidisciplinarios, realizando eficientemente la identificaci\u00f3n, an\u00e1lisis y soluci\u00f3n de problemas complejos, inherentes a la tecnolog\u00eda de la informaci\u00f3n.<\/span><\/p><h5><strong>Objetivos de la Carrera<\/strong><\/h5><ul><li><p style=\"text-align: justify;\"><span style=\"color: #000000;\">Formar profesionales calificados en Ingenier\u00eda en Inform\u00e1tica, con s\u00f3lidas capacidades en el desarrollo de aplicaciones inform\u00e1ticas, manejo de tecnolog\u00edas emergentes; y comprometidos con la sociedad<\/span><\/p><\/li><\/ul><div><h6 style=\"text-align: justify;\">\u00c1rea de Empleabilidad<\/h6><p style=\"text-align: justify;\"><span style=\"color: #000000;\">El \u00e1mbito laboral es muy amplio y poco previsible, sin embargo podemos mencionar lo siguiente:<\/span><\/p><ul><li><p style=\"text-align: justify;\"><span style=\"color: #000000;\">Directivo en empresas p\u00fablicas o privadas, contribuyendo a definir, desarrollar e implantar tecnolog\u00edas inform\u00e1ticas tendientes a optimizar los procesos productivos de la empresa.<\/span><\/p><\/li><li><p style=\"text-align: justify;\"><span style=\"color: #000000;\">En las empresas nacionales y extranjeras m\u00e1s sobresalientes, en las \u00e1reas de hardware, software y desarrollo de sistemas globales.<\/span><\/p><\/li><li><p style=\"text-align: justify;\"><span style=\"color: #000000;\">Desarrollando su propia empresa para satisfacer la necesidad de bienes y servicios de c\u00f3mputo demandados por el mercado regional y nacional.<\/span><\/p><\/li><li><p style=\"text-align: justify;\"><span style=\"color: #000000;\">Proporcionar consultor\u00edas sobre sistemas y estrategias tecnol\u00f3gicas a las organizaciones p\u00fablicas o privadas que las demanden.<\/span><\/p><\/li><\/ul><\/div><\/div>\n\t\t\t\t<\/div>\n\t\t\t\t\t\t\t<div class=\"elementor-accordion-item\">\n\t\t\t\t\t<div id=\"elementor-tab-title-2372\" class=\"elementor-tab-title\" data-tab=\"2\" role=\"button\" aria-controls=\"elementor-tab-content-2372\" aria-expanded=\"false\">\n\t\t\t\t\t\t\t\t\t\t\t\t\t<span class=\"elementor-accordion-icon elementor-accordion-icon-left\" aria-hidden=\"true\">\n\t\t\t\t\t\t\t\t\t\t\t\t\t\t\t<span class=\"elementor-accordion-icon-closed\"><i class=\"fas fa-angle-down\"><\/i><\/span>\n\t\t\t\t\t\t\t\t<span class=\"elementor-accordion-icon-opened\"><i class=\"fas fa-angle-double-down\"><\/i><\/span>\n\t\t\t\t\t\t\t\t\t\t\t\t\t\t<\/span>\n\t\t\t\t\t\t\t\t\t\t\t\t<a class=\"elementor-accordion-title\" tabindex=\"0\">Ingenier\u00eda en Electricidad  (Acreditada por la ANEAES)<\/a>\n\t\t\t\t\t<\/div>\n\t\t\t\t\t<div id=\"elementor-tab-content-2372\" class=\"elementor-tab-content elementor-clearfix\" data-tab=\"2\" role=\"region\" aria-labelledby=\"elementor-tab-title-2372\"><h6><span style=\"color: #000000;\"><strong>T\u00edtulo<\/strong><\/span><\/h6><ul><li><span style=\"color: #000000;\">Ingeniero\/a en Electricidad.<\/span><\/li><\/ul><h6><span style=\"color: #000000;\"><strong>Duraci\u00f3n<\/strong><\/span><\/h6><ul><li><span style=\"color: #000000;\">5 a\u00f1os (10 semestres).<\/span><\/li><\/ul><h6><span style=\"color: #000000;\">Contacto<\/span><\/h6><ul><li><span style=\"color: #000000;\"><strong>DIRECTOR DE CARRERA: <\/strong>ING. PEDRO PASTOR DAVID GONZ\u00c1LEZ RODR\u00cdGUEZ\u00a0<\/span><\/li><\/ul><p style=\"padding-left: 40px;\"><span style=\"color: #000000;\"><strong>Correo:<\/strong> <a style=\"color: #000000;\" href=\"mailto:pedropastor@fctunca.edu.py\">pedropastor@fctunca.edu.py<\/a><\/span><\/p><h6><span style=\"color: #000000;\"><strong>Perfil de Egreso<\/strong>\u00a0<\/span><\/h6><ul><li><p style=\"text-align: justify;\"><span style=\"color: #000000;\">Capacidad de planeamiento Visi\u00f3n pro-activa (creatividad, iniciativa, participaci\u00f3n).<\/span><\/p><\/li><li><p style=\"text-align: justify;\"><span style=\"color: #000000;\">Capacidad de relacionamiento interpersonal y facilidad de comunicaci\u00f3n Respeto al medio ambiente.<\/span><\/p><\/li><li><p style=\"text-align: justify;\"><span style=\"color: #000000;\">Capacidad de acoplar la teor\u00eda con la pr\u00e1ctica.<\/span><\/p><\/li><li><p style=\"text-align: justify;\"><span style=\"color: #000000;\">Capacidad de adaptaci\u00f3n a los cambios tecnol\u00f3gicos Planear, elaborar, ejecutar, supervisar y evaluar proyectos de instalaci\u00f3n y\/o mantenimiento el\u00e9ctrico.<\/span><\/p><\/li><li><p style=\"text-align: justify;\"><span style=\"color: #000000;\">Dominio del conocimiento de m\u00e1quinas y equipamientos el\u00e9ctricos industriales.<\/span><\/p><\/li><li><p style=\"text-align: justify;\"><span style=\"color: #000000;\">Prestar apoyo t\u00e9cnico en la compra, venta, y utilizaci\u00f3n de productos y equipamientos del \u00e1rea el\u00e9ctrica.<\/span><\/p><\/li><li><p style=\"text-align: justify;\"><span style=\"color: #000000;\">Usar racionalmente las fuentes de energ\u00eda.<\/span><\/p><\/li><\/ul><h6><span style=\"color: #000000;\">Objetivos de la Carrera<\/span><\/h6><ul><li><p style=\"text-align: justify;\"><span style=\"color: #000000;\">Formar profesionales de la Ingenier\u00eda en Electricidad de excelencia, competentes, con sentido cr\u00edtico, \u00e9tico y responsabilidad social, mediante el solido conocimiento de ciencias f\u00edsicas, matem\u00e1tica y uso de tecnolog\u00edas, adquiridos mediante el estudio, la pr\u00e1ctica, la investigaci\u00f3n y la extensi\u00f3n universitaria.<\/span><\/p><\/li><\/ul><h6><span style=\"color: #000000;\"><strong>\u00c1rea de Empleabilidad<\/strong><\/span><\/h6><ul><li><p style=\"text-align: justify;\"><span style=\"color: #000000;\">Sistemas y\/o partes de sistemas el\u00e9ctrico.<\/span><\/p><\/li><li><p style=\"text-align: justify;\"><span style=\"color: #000000;\">Proyectar, montar y administrar instalaciones el\u00e9ctricas industriales, comerciales o residenciales.<\/span><\/p><\/li><li><p style=\"text-align: justify;\"><span style=\"color: #000000;\">Sistemas, equipos e instalaciones de alumbrado.<\/span><\/p><\/li><li><p style=\"text-align: justify;\"><span style=\"color: #000000;\">Brindar con calidad sus servicios profesionales, desempe\u00f1ando sus laboras con valores \u00e9ticos y morales.<\/span><\/p><\/li><li><p style=\"text-align: justify;\"><span style=\"color: #000000;\">Proyectar, montar y administrar instalaciones el\u00e9ctricas industriales, comerciales o residenciales.<\/span><\/p><\/li><li><p style=\"text-align: justify;\"><span style=\"color: #000000;\">Proyectar, dirigir e inspeccionar sistemas de generaci\u00f3n, transmisi\u00f3n, distribuci\u00f3n y comercializaci\u00f3n de la energ\u00eda el\u00e9ctrica.<\/span><\/p><\/li><li><p style=\"text-align: justify;\"><span style=\"color: #000000;\">Planificar, organizar, dirigir y evaluar programas de mantenimiento el\u00e9ctrico para industrias o grandes instalaciones.<\/span><\/p><\/li><\/ul><\/div>\n\t\t\t\t<\/div>\n\t\t\t\t\t\t\t<div class=\"elementor-accordion-item\">\n\t\t\t\t\t<div id=\"elementor-tab-title-2373\" class=\"elementor-tab-title\" data-tab=\"3\" role=\"button\" aria-controls=\"elementor-tab-content-2373\" aria-expanded=\"false\">\n\t\t\t\t\t\t\t\t\t\t\t\t\t<span class=\"elementor-accordion-icon elementor-accordion-icon-left\" aria-hidden=\"true\">\n\t\t\t\t\t\t\t\t\t\t\t\t\t\t\t<span class=\"elementor-accordion-icon-closed\"><i class=\"fas fa-angle-down\"><\/i><\/span>\n\t\t\t\t\t\t\t\t<span class=\"elementor-accordion-icon-opened\"><i class=\"fas fa-angle-double-down\"><\/i><\/span>\n\t\t\t\t\t\t\t\t\t\t\t\t\t\t<\/span>\n\t\t\t\t\t\t\t\t\t\t\t\t<a class=\"elementor-accordion-title\" tabindex=\"0\">Ingenier\u00eda Civil<\/a>\n\t\t\t\t\t<\/div>\n\t\t\t\t\t<div id=\"elementor-tab-content-2373\" class=\"elementor-tab-content elementor-clearfix\" data-tab=\"3\" role=\"region\" aria-labelledby=\"elementor-tab-title-2373\"><h6><span style=\"color: #000000;\"><strong>T\u00edtulo<\/strong><\/span><\/h6><ul><li><span style=\"color: #000000;\"> Ingeniero\/a Civil<\/span><\/li><\/ul><h6><span style=\"color: #000000;\"><strong>Duraci\u00f3n<\/strong><\/span><\/h6><ul><li><span style=\"color: #000000;\">5 a\u00f1os (10 semestres).<\/span><\/li><\/ul><h6><span style=\"color: #000000;\"><strong>Contacto<\/strong><\/span><\/h6><ul><li><span style=\"color: #000000;\">DIRECTOR DE CARRERA: ING. FREDY GABRIEL RAMIREZ VILLANUEVA<\/span><\/li><\/ul><p style=\"padding-left: 40px;\"><span style=\"color: #000000;\"><strong>Correo<\/strong>: <a style=\"color: #000000;\" href=\"mailto:framirez@fctunca.edu.py\">framirez@fctunca.edu.py<\/a><\/span><\/p><p style=\"padding-left: 40px;\"><span style=\"color: #000000;\"><strong>Telefono:<\/strong> +595 971 402340<\/span><\/p><h6><span style=\"color: #000000;\">Perfil de Egreso<\/span><\/h6><ul><li><p style=\"text-align: justify;\"><span style=\"color: #000000;\">Agente de cambio y l\u00edder de un mundo globalizado, con capacidad de innovaci\u00f3n, creatividad y habilidades para asumir los desaf\u00edos.<\/span><\/p><\/li><li><p style=\"text-align: justify;\"><span style=\"color: #000000;\">Con conocimientos cient\u00edficos y t\u00e9cnicos generales en las \u00e1reas de V\u00edas de Comunicaci\u00f3n, Estructuras, Construcciones, Saneamiento e Hidr\u00e1ulica, para planear, dise\u00f1ar, construir, dar mantenimiento y rehabilitar as\u00ed como evaluar, presupuestar, supervisar y controlar la calidad de las obras.<\/span><\/p><\/li><li><p style=\"text-align: justify;\"><span style=\"color: #000000;\">Con capacidad de mantenerse actualizado, de emplear lenguajes y paquetes computacionales como herramientas de la ingenier\u00eda civil, de establecer y mantener contactos cient\u00edficos y t\u00e9cnicos avanzados, de participar en eventos acad\u00e9micos y cursos profesionales y celebrar consultas con otras especialidades y disciplinas conexas.<\/span><\/p><\/li><\/ul><h5><span style=\"color: #000000;\"><strong>Objetivos de la Carrera<\/strong><\/span><\/h5><ul><li><p style=\"text-align: justify;\"><span style=\"color: #000000;\">Formar Ingenieros Civiles con conocimientos cient\u00edficos y tecnol\u00f3gicos, de excelencia, competentes, con sentido cr\u00edtico, \u00e9tico y responsabilidad social.<\/span><\/p><\/li><\/ul><h6><span style=\"color: #000000;\"><strong>\u00c1rea de Empleabilidad<\/strong><\/span><\/h6><p style=\"text-align: justify;\"><span style=\"color: #000000;\">El profesional podr\u00e1 desempa\u00f1arse adecuadamente en los siguientes campos de acci\u00f3n:<\/span><\/p><ul><li><p style=\"text-align: justify;\"><span style=\"color: #000000;\">Dise\u00f1o, construcci\u00f3n y operaci\u00f3n de v\u00edas de comunicaci\u00f3n.<\/span><\/p><\/li><li><p style=\"text-align: justify;\"><span style=\"color: #000000;\">Dise\u00f1o, construcci\u00f3n y operaci\u00f3n de plantas de Potabilizaci\u00f3n<\/span><\/p><\/li><li><p style=\"text-align: justify;\"><span style=\"color: #000000;\">Acueductos.<\/span><\/p><\/li><li><p style=\"text-align: justify;\"><span style=\"color: #000000;\">Dise\u00f1o, construcci\u00f3n y operaci\u00f3n de sistemas de tratamiento de aguas residuales y alcantarillados.<\/span><\/p><\/li><li><p style=\"text-align: justify;\"><span style=\"color: #000000;\">Dise\u00f1o y construcci\u00f3n de estructuras para vivienda.<\/span><\/p><\/li><li><p style=\"text-align: justify;\"><span style=\"color: #000000;\">Dise\u00f1o y construcci\u00f3n de Puentes.<\/span><\/p><\/li><li><p style=\"text-align: justify;\"><span style=\"color: #000000;\">Dise\u00f1o y construcci\u00f3n de obras de Estabilizaci\u00f3n de suelos y taludes.<\/span><\/p><\/li><li><p style=\"text-align: justify;\"><span style=\"color: #000000;\">Dise\u00f1o y construcci\u00f3n de estructuras Hidr\u00e1ulicas.<\/span><\/p><\/li><li><p style=\"text-align: justify;\"><span style=\"color: #000000;\">Dise\u00f1o y construcci\u00f3n de pavimentos.<\/span><\/p><\/li><li><p style=\"text-align: justify;\"><span style=\"color: #000000;\">Dise\u00f1o y construcci\u00f3n de sistemas de saneamiento b\u00e1sico.<\/span><\/p><\/li><li><p style=\"text-align: justify;\"><span style=\"color: #000000;\">Supervisi\u00f3n de obras civiles tanto en empresas p\u00fablicas como privadas.<\/span><\/p><\/li><li><p style=\"text-align: justify;\"><span style=\"color: #000000;\">Topograf\u00eda, cartograf\u00eda, geodesia y catastro.<\/span><\/p><\/li><li><p style=\"text-align: justify;\"><span style=\"color: #000000;\">Administrador de obras y\/o empresas p\u00fablicas, aut\u00f3nomas o privadas, relacionadas con el desarrollo de infraestructura f\u00edsica.<\/span><\/p><\/li><li><p style=\"text-align: justify;\"><span style=\"color: #000000;\">Docencia y Administraci\u00f3n Universitaria.<\/span><\/p><\/li><li><p style=\"text-align: justify;\"><span style=\"color: #000000;\">Empresario independiente.<\/span><\/p><\/li><li><p style=\"text-align: justify;\"><span style=\"color: #000000;\">Dise\u00f1o de programas y planes de Ordenamiento territorial.<\/span><\/p><\/li><li><p style=\"text-align: justify;\"><span style=\"color: #000000;\">Elaboraci\u00f3n de presupuestos y programaci\u00f3n de obra.<\/span><\/p><\/li><li><p style=\"text-align: justify;\"><span style=\"color: #000000;\">Consultor\u00eda de obras civiles.<\/span><\/p><\/li><\/ul><\/div>\n\t\t\t\t<\/div>\n\t\t\t\t\t\t\t<div class=\"elementor-accordion-item\">\n\t\t\t\t\t<div id=\"elementor-tab-title-2374\" class=\"elementor-tab-title\" data-tab=\"4\" role=\"button\" aria-controls=\"elementor-tab-content-2374\" aria-expanded=\"false\">\n\t\t\t\t\t\t\t\t\t\t\t\t\t<span class=\"elementor-accordion-icon elementor-accordion-icon-left\" aria-hidden=\"true\">\n\t\t\t\t\t\t\t\t\t\t\t\t\t\t\t<span class=\"elementor-accordion-icon-closed\"><i class=\"fas fa-angle-down\"><\/i><\/span>\n\t\t\t\t\t\t\t\t<span class=\"elementor-accordion-icon-opened\"><i class=\"fas fa-angle-double-down\"><\/i><\/span>\n\t\t\t\t\t\t\t\t\t\t\t\t\t\t<\/span>\n\t\t\t\t\t\t\t\t\t\t\t\t<a class=\"elementor-accordion-title\" tabindex=\"0\">Ingenier\u00eda Electr\u00f3nica<\/a>\n\t\t\t\t\t<\/div>\n\t\t\t\t\t<div id=\"elementor-tab-content-2374\" class=\"elementor-tab-content elementor-clearfix\" data-tab=\"4\" role=\"region\" aria-labelledby=\"elementor-tab-title-2374\"><h6><strong>T\u00edtulo<\/strong><\/h6><ul><li><span style=\"color: #000000;\">Ingeniero\/a en Electr\u00f3nica<\/span><\/li><\/ul><h6><strong>Duraci\u00f3n<\/strong><\/h6><ul><li><span style=\"color: #000000;\">5 a\u00f1os (10 semestres).<\/span><\/li><\/ul><h6>Contacto<\/h6><ul><li><span style=\"color: #000000;\">ING. DERLIS RODRIGO ARREDONDO ONIEVA<\/span><\/li><\/ul><p style=\"padding-left: 40px;\"><strong><span style=\"color: #000000;\">Correo<\/span>:<\/strong> <span style=\"color: #000000;\">darredondo@fctunca.edu.py<\/span><\/p><p style=\"padding-left: 40px;\"><span style=\"color: #000000;\"><strong>Telefono:<\/strong> +595 981 436858<\/span><\/p><h6><strong>Perfil de Egreso<\/strong><\/h6><p style=\"text-align: justify;\"><span style=\"color: #000000;\">El perfil del profesional en el campo de la electr\u00f3nica contempla las l\u00edneas de formaci\u00f3n personal y t\u00e9cnica. La implementaci\u00f3n del curso apunta hacia la interdisciplinariedad, por medio de un curr\u00edculo estructurado en base a los conocimientos cient\u00edficos, tecnol\u00f3gicos y de gesti\u00f3n. Con esto se desea que el egresado adquiera el siguiente perfil:<\/span><\/p><ul><li><p style=\"text-align: justify;\"><span style=\"color: #000000;\">Capacidad de planeamiento.<\/span><\/p><\/li><li><p style=\"text-align: justify;\"><span style=\"color: #000000;\">Visi\u00f3n pro-activa (creatividad, iniciativa, participaci\u00f3n).<\/span><\/p><\/li><li><p style=\"text-align: justify;\"><span style=\"color: #000000;\">Capacidad de relacionamiento interpersonal y facilidad de comunicaci\u00f3n.<\/span><\/p><\/li><li><p style=\"text-align: justify;\"><span style=\"color: #000000;\">Respeto al medio ambiente.<\/span><\/p><\/li><li><span style=\"color: #000000;\">Capacidad de acoplar la teor\u00eda con la pr\u00e1ctica.<\/span><\/li><li><p style=\"text-align: justify;\"><span style=\"color: #000000;\">Capacidad de adaptaci\u00f3n a los cambios tecnol\u00f3gicos.<\/span><\/p><\/li><li><p style=\"text-align: justify;\"><span style=\"color: #000000;\">Planear, elaborar, ejecutar, supervisar y evaluar proyectos de sistemas electr\u00f3nicos de automatizaci\u00f3n y control.<\/span><\/p><\/li><li><p style=\"text-align: justify;\"><span style=\"color: #000000;\">Dominio del conocimiento de m\u00e1quinas y equipamientos electr\u00f3nicos.<\/span><\/p><\/li><li><p style=\"text-align: justify;\"><span style=\"color: #000000;\">Prestar apoyo t\u00e9cnico en la compra, venta, y utilizaci\u00f3n de productos y equipamientos electr\u00f3nicos.<\/span><\/p><\/li><li><p style=\"text-align: justify;\"><span style=\"color: #000000;\">Usar racionalmente las fuentes de energ\u00eda.<\/span><\/p><\/li><\/ul><h5><strong>Objetivos de la Carrera<\/strong><\/h5><ul><li><p style=\"text-align: justify;\"><span style=\"color: #000000;\">Formar Ingenieros en Electr\u00f3nica con una adecuada base de conocimientos cient\u00edficos y tecnol\u00f3gicos de tal manera que puedan contribuir a nuestra sociedad para promover el desarrollo econ\u00f3mico, social, cient\u00edfico y tecnol\u00f3gico del Pa\u00eds.<\/span><\/p><\/li><\/ul><h6><strong>\u00c1rea de Empleabilidad<\/strong><\/h6><ul><li><p style=\"text-align: justify;\"><span style=\"color: #000000;\">El campo laboral del ingeniero en electr\u00f3nica es amplio, entre ellas incluye empresas productivas, empresas de servicios, compa\u00f1\u00edas petroleras, industrias automovil\u00edsticas, compa\u00f1\u00edas de electricidad, represas hidroel\u00e9ctricas, sistemas de redes de comunicaci\u00f3n, de telecomunicaciones, sectores industriales p\u00fablicos y privados. Adem\u00e1s, este profesional puede desempe\u00f1ar.<\/span><\/p><\/li><\/ul><\/div>\n\t\t\t\t<\/div>\n\t\t\t\t\t\t\t\t<\/div>\n\t\t\t\t<\/div>\n\t\t\t\t<\/div>\n\t\t<div class=\"elementor-element elementor-element-ed7172c e-flex e-con-boxed e-con e-child\" data-id=\"ed7172c\" data-element_type=\"container\">\n\t\t\t\t\t<div class=\"e-con-inner\">\n\t\t<div class=\"elementor-element elementor-element-03702e5 e-con-full e-flex e-con e-child\" data-id=\"03702e5\" data-element_type=\"container\">\n\t\t\t\t<div class=\"elementor-element elementor-element-f440363 elementor-view-stacked elementor-shape-circle elementor-widget elementor-widget-icon\" data-id=\"f440363\" data-element_type=\"widget\" data-widget_type=\"icon.default\">\n\t\t\t\t<div class=\"elementor-widget-container\">\n\t\t\t\t\t<div class=\"elementor-icon-wrapper\">\n\t\t\t<div class=\"elementor-icon\">\n\t\t\t<i aria-hidden=\"true\" class=\"far fa-address-card\"><\/i>\t\t\t<\/div>\n\t\t<\/div>\n\t\t\t\t<\/div>\n\t\t\t\t<\/div>\n\t\t\t\t<div class=\"elementor-element elementor-element-5de92d5 elementor-headline--style-highlight elementor-widget elementor-widget-animated-headline\" data-id=\"5de92d5\" data-element_type=\"widget\" data-settings=\"{&quot;marker&quot;:&quot;underline&quot;,&quot;highlighted_text&quot;:&quot;CONTACTO&quot;,&quot;headline_style&quot;:&quot;highlight&quot;,&quot;loop&quot;:&quot;yes&quot;,&quot;highlight_animation_duration&quot;:1200,&quot;highlight_iteration_delay&quot;:8000}\" data-widget_type=\"animated-headline.default\">\n\t\t\t\t<div class=\"elementor-widget-container\">\n\t\t\t\t\t<h3 class=\"elementor-headline\">\n\t\t\t\t<span class=\"elementor-headline-dynamic-wrapper elementor-headline-text-wrapper\">\n\t\t\t\t\t<span class=\"elementor-headline-dynamic-text elementor-headline-text-active\">CONTACTO<\/span>\n\t\t\t\t<\/span>\n\t\t\t\t<\/h3>\n\t\t\t\t<\/div>\n\t\t\t\t<\/div>\n\t\t\t\t<div class=\"elementor-element elementor-element-6bac118 elementor-widget elementor-widget-text-editor\" data-id=\"6bac118\" data-element_type=\"widget\" data-widget_type=\"text-editor.default\">\n\t\t\t\t<div class=\"elementor-widget-container\">\n\t\t\t\t\t\t\t<ul><li><span style=\"color: #000000;\"><strong>Tel\u00e9fono:<\/strong> +595 521 201 548<\/span><\/li><li><span style=\"color: #000000;\"><strong>Correo electr\u00f3nico:<\/strong> <a href=\"mailto:info@fctunca.edu.py\">info@fctunca.edu.py<\/a><\/span><\/li><\/ul>\t\t\t\t\t\t<\/div>\n\t\t\t\t<\/div>\n\t\t\t\t<\/div>\n\t\t<div class=\"elementor-element elementor-element-bff60f1 e-con-full e-flex e-con e-child\" data-id=\"bff60f1\" data-element_type=\"container\">\n\t\t\t\t<div class=\"elementor-element elementor-element-b4fda6c elementor-view-stacked elementor-shape-circle elementor-widget elementor-widget-icon\" data-id=\"b4fda6c\" data-element_type=\"widget\" data-widget_type=\"icon.default\">\n\t\t\t\t<div class=\"elementor-widget-container\">\n\t\t\t\t\t<div class=\"elementor-icon-wrapper\">\n\t\t\t<div class=\"elementor-icon\">\n\t\t\t<i aria-hidden=\"true\" class=\"fas fa-map-marked-alt\"><\/i>\t\t\t<\/div>\n\t\t<\/div>\n\t\t\t\t<\/div>\n\t\t\t\t<\/div>\n\t\t\t\t<div class=\"elementor-element elementor-element-554a3cb elementor-headline--style-highlight elementor-widget elementor-widget-animated-headline\" data-id=\"554a3cb\" data-element_type=\"widget\" data-settings=\"{&quot;marker&quot;:&quot;underline&quot;,&quot;highlighted_text&quot;:&quot;DIRECCION&quot;,&quot;headline_style&quot;:&quot;highlight&quot;,&quot;loop&quot;:&quot;yes&quot;,&quot;highlight_animation_duration&quot;:1200,&quot;highlight_iteration_delay&quot;:8000}\" data-widget_type=\"animated-headline.default\">\n\t\t\t\t<div class=\"elementor-widget-container\">\n\t\t\t\t\t<h3 class=\"elementor-headline\">\n\t\t\t\t<span class=\"elementor-headline-dynamic-wrapper elementor-headline-text-wrapper\">\n\t\t\t\t\t<span class=\"elementor-headline-dynamic-text elementor-headline-text-active\">DIRECCION<\/span>\n\t\t\t\t<\/span>\n\t\t\t\t<\/h3>\n\t\t\t\t<\/div>\n\t\t\t\t<\/div>\n\t\t\t\t<div class=\"elementor-element elementor-element-57f3836 elementor-widget elementor-widget-text-editor\" data-id=\"57f3836\" data-element_type=\"widget\" data-widget_type=\"text-editor.default\">\n\t\t\t\t<div class=\"elementor-widget-container\">\n\t\t\t\t\t\t\t<ul><li><strong><span style=\"color: #000000;\">Florentino Ben\u00edtez e\/ Padre Molas y Fabi\u00e1n Ojeda. (Ex guarder\u00eda Betel) &#8211; Coronel Oviedo.<\/span><\/strong><\/li><\/ul>\t\t\t\t\t\t<\/div>\n\t\t\t\t<\/div>\n\t\t\t\t<\/div>\n\t\t<div class=\"elementor-element elementor-element-d13ed1a e-con-full e-flex e-con e-child\" data-id=\"d13ed1a\" data-element_type=\"container\">\n\t\t\t\t<div class=\"elementor-element elementor-element-08d16b1 elementor-view-stacked elementor-shape-circle elementor-widget elementor-widget-icon\" data-id=\"08d16b1\" data-element_type=\"widget\" data-widget_type=\"icon.default\">\n\t\t\t\t<div class=\"elementor-widget-container\">\n\t\t\t\t\t<div class=\"elementor-icon-wrapper\">\n\t\t\t<a class=\"elementor-icon\" href=\"http:\/\/www.fctunca.edu.py\/\" target=\"_blank\">\n\t\t\t<i aria-hidden=\"true\" class=\"fas fa-globe-americas\"><\/i>\t\t\t<\/a>\n\t\t<\/div>\n\t\t\t\t<\/div>\n\t\t\t\t<\/div>\n\t\t\t\t<div class=\"elementor-element elementor-element-4fddbd2 elementor-headline--style-highlight elementor-widget elementor-widget-animated-headline\" data-id=\"4fddbd2\" data-element_type=\"widget\" data-settings=\"{&quot;marker&quot;:&quot;underline&quot;,&quot;highlighted_text&quot;:&quot;PAGINA WEB&quot;,&quot;headline_style&quot;:&quot;highlight&quot;,&quot;loop&quot;:&quot;yes&quot;,&quot;highlight_animation_duration&quot;:1200,&quot;highlight_iteration_delay&quot;:8000}\" data-widget_type=\"animated-headline.default\">\n\t\t\t\t<div class=\"elementor-widget-container\">\n\t\t\t\t\t<h3 class=\"elementor-headline\">\n\t\t\t\t<span class=\"elementor-headline-dynamic-wrapper elementor-headline-text-wrapper\">\n\t\t\t\t\t<span class=\"elementor-headline-dynamic-text elementor-headline-text-active\">PAGINA WEB<\/span>\n\t\t\t\t<\/span>\n\t\t\t\t<\/h3>\n\t\t\t\t<\/div>\n\t\t\t\t<\/div>\n\t\t\t\t<div class=\"elementor-element elementor-element-0eebba9 elementor-widget elementor-widget-text-editor\" data-id=\"0eebba9\" data-element_type=\"widget\" data-widget_type=\"text-editor.default\">\n\t\t\t\t<div class=\"elementor-widget-container\">\n\t\t\t\t\t\t\t<ul><li><span style=\"color: #000000;\"><strong><a style=\"color: #000000; text-decoration: underline;\" href=\"http:\/\/www.fctunca.edu.py\/\">http:\/\/www.fctunca.edu.py\/<\/a><\/strong><\/span><\/li><\/ul>\t\t\t\t\t\t<\/div>\n\t\t\t\t<\/div>\n\t\t\t\t<\/div>\n\t\t\t\t\t<\/div>\n\t\t\t\t<\/div>\n\t\t\t\t\t<\/div>\n\t\t\t\t<\/div>\n\t\t\t\t<\/div>\n\t\t","protected":false},"excerpt":{"rendered":"<p>MISI\u00d3N Formar profesionales excelentes con conocimientos cient\u00edficos y tecnol\u00f3gicos, competentes, con sentido cr\u00edtico, \u00e9tico y responsabilidad social. VISI\u00d3N Ser una Facultad l\u00edder, con excelencia en la formaci\u00f3n de profesionales que contribuyan al desarrollo del pa\u00eds. Ingenier\u00eda en Inform\u00e1tica (Acreditada por la ANEAES) T\u00edtulo Ingeniero en Sistemas Inform\u00e1ticos. Duraci\u00f3n 5 a\u00f1os 10 semestres. Carga horaria 5.312 [&hellip;]<\/p>\n","protected":false},"author":3,"featured_media":0,"parent":0,"menu_order":0,"comment_status":"closed","ping_status":"closed","template":"template\/fullwidth.php","meta":{"footnotes":""},"class_list":["post-1637","page","type-page","status-publish","hentry"],"_links":{"self":[{"href":"https:\/\/www.unca.edu.py\/index.php?rest_route=\/wp\/v2\/pages\/1637","targetHints":{"allow":["GET"]}}],"collection":[{"href":"https:\/\/www.unca.edu.py\/index.php?rest_route=\/wp\/v2\/pages"}],"about":[{"href":"https:\/\/www.unca.edu.py\/index.php?rest_route=\/wp\/v2\/types\/page"}],"author":[{"embeddable":true,"href":"https:\/\/www.unca.edu.py\/index.php?rest_route=\/wp\/v2\/users\/3"}],"replies":[{"embeddable":true,"href":"https:\/\/www.unca.edu.py\/index.php?rest_route=%2Fwp%2Fv2%2Fcomments&post=1637"}],"version-history":[{"count":44,"href":"https:\/\/www.unca.edu.py\/index.php?rest_route=\/wp\/v2\/pages\/1637\/revisions"}],"predecessor-version":[{"id":6122,"href":"https:\/\/www.unca.edu.py\/index.php?rest_route=\/wp\/v2\/pages\/1637\/revisions\/6122"}],"wp:attachment":[{"href":"https:\/\/www.unca.edu.py\/index.php?rest_route=%2Fwp%2Fv2%2Fmedia&parent=1637"}],"curies":[{"name":"wp","href":"https:\/\/api.w.org\/{rel}","templated":true}]}}